{"id":2667,"date":"2023-01-27T19:26:29","date_gmt":"2023-01-27T19:26:29","guid":{"rendered":"http:\/\/www.imepbcn.com.mialias.net\/nuestros-servicios\/"},"modified":"2023-03-29T10:32:52","modified_gmt":"2023-03-29T10:32:52","slug":"nostres-serveis","status":"publish","type":"page","link":"https:\/\/www.imepbcn.com\/ca\/nostres-serveis\/","title":{"rendered":"ELS NOSTRES SERVEIS"},"content":{"rendered":"\n<p class=\" eplus-wrapper\"><\/p>\n\n\n<div class=\" wp-block-columns eplus-wrapper is-layout-flex wp-container-core-columns-is-layout-1 wp-block-columns-is-layout-flex eplus-styles-uid-ac3f02\">\n<div class=\" wp-block-column eplus-wrapper is-layout-flow wp-block-column-is-layout-flow\">\n<div class=\" wp-block-group eplus-wrapper\"><div class=\"wp-block-group__inner-container is-layout-constrained wp-block-group-is-layout-constrained\"><figure class=\" wp-block-image size-large eplus-wrapper eplus-styles-uid-3f470e\"><img loading=\"lazy\" decoding=\"async\" width=\"1024\" height=\"554\" src=\"https:\/\/www.imepbcn.com\/wp-content\/uploads\/2023\/03\/IMG_20160721_182221r-1-1024x554.jpg\" alt=\"\" class=\"wp-image-2518\" srcset=\"https:\/\/www.imepbcn.com\/wp-content\/uploads\/2023\/03\/IMG_20160721_182221r-1-1024x554.jpg 1024w, https:\/\/www.imepbcn.com\/wp-content\/uploads\/2023\/03\/IMG_20160721_182221r-1-300x162.jpg 300w, https:\/\/www.imepbcn.com\/wp-content\/uploads\/2023\/03\/IMG_20160721_182221r-1-768x415.jpg 768w, https:\/\/www.imepbcn.com\/wp-content\/uploads\/2023\/03\/IMG_20160721_182221r-1.jpg 1379w\" sizes=\"(max-width: 1024px) 100vw, 1024px\" \/><\/figure><\/div><\/div>\n<\/div>\n\n\n\n<div class=\" wp-block-column eplus-wrapper is-layout-flow wp-block-column-is-layout-flow\"><figure class=\" wp-block-image size-large eplus-wrapper eplus-styles-uid-c88617\"><img loading=\"lazy\" decoding=\"async\" width=\"1024\" height=\"554\" src=\"https:\/\/www.imepbcn.com\/wp-content\/uploads\/2023\/03\/2016-02-03-11.23.27-3-1024x554.jpg\" alt=\"\" class=\"wp-image-2520\" srcset=\"https:\/\/www.imepbcn.com\/wp-content\/uploads\/2023\/03\/2016-02-03-11.23.27-3-1024x554.jpg 1024w, https:\/\/www.imepbcn.com\/wp-content\/uploads\/2023\/03\/2016-02-03-11.23.27-3-300x162.jpg 300w, https:\/\/www.imepbcn.com\/wp-content\/uploads\/2023\/03\/2016-02-03-11.23.27-3-768x415.jpg 768w, https:\/\/www.imepbcn.com\/wp-content\/uploads\/2023\/03\/2016-02-03-11.23.27-3.jpg 1379w\" sizes=\"(max-width: 1024px) 100vw, 1024px\" \/><\/figure><\/div>\n<\/div>\n\n<p class=\"ticss-7578e01f has-text-align-center eplus-wrapper eplus-styles-uid-2e6190\">La resid\u00e8ncia compta amb tots els serveis necessaris per viure confortablement i donar resposta a les necessitats dels residents. A m\u00e9s dels serveis b\u00e0sics oferim tamb\u00e9 serveis complementaris a demanda del resident.<\/p>\n\n<p class=\" has-text-align-center eplus-wrapper eplus-styles-uid-2e6190\">L\u2019equip t\u00e8cnic del centre elabora un Pla anual d\u2019activitats on es planifiquen i agendan les activitats que es realitzessin durant el curs:<\/p>\n\n<p class=\" has-text-align-center eplus-wrapper eplus-styles-uid-2e6190\">Estimulaci\u00f3 cognitiva, esportives, musicals, art\u00edstiques i creatives, cinef\u00f3rum, taller de cuina i activitats l\u00fadiques.<\/p>\n\n<p class=\" eplus-wrapper eplus-styles-uid-794c04\">Es fomenten les activitats d\u2019oci, culturals i temps lliure.<\/p>\n\n<p class=\" eplus-wrapper eplus-styles-uid-794c04\">Estem inscrits en la Lliga Catalana de Petanca de la Federaci\u00f3 Acell. Inscrits en el programa Apropa Cultura.<\/p>\n\n<p class=\" eplus-wrapper eplus-styles-uid-794c04\">S\u2019organitzen viatges al Cam\u00ed de Santiago peri\u00f2dicament amb la col\u00b7laboraci\u00f3 de DisCamino.<\/p>\n\n<hr class=\"is-style-wide mr0 wp-block-separator has-text-color has-alpha-channel-opacity has-background eplus-wrapper eplus-styles-uid-cbb72c\" style=\"background-color:#84a857;color:#84a857\">\n\n\n<h4 class=\" eplus-wrapper wp-block-heading\">NOSTRES SERVEIS<\/h4>\n\n\n\n<div style=\"height:30px\" aria-hidden=\"true\" class=\" wp-block-spacer eplus-wrapper\"><\/div>\n\n\n\n<div class=\"row flipcardcustom\"><div class=\"flip-card col-md-3\">\n        <div class=\"flip-card-inner\">\n          <div class=\"flip-card-front\" style=\";background-size: 150px;background-position: center 60px;background-repeat: no-repeat;background-color: white;\">\n          <p class=\"flip-title\">ALLOTJAMENT<\/p>\n            <div class=\"imgcont\">\n            <img decoding=\"async\" src=\"https:\/\/www.imepbcn.com\/wp-content\/uploads\/2023\/02\/alojamiento-1.png\" alt=\"Avatar\" class=\"imgflip\" \/>\n            <\/div>\n          <\/div>\n          <div class=\"flip-card-back\">\n            <h1>ALLOTJAMENT<\/h1>\n            <p>Entorn segur, confortable i agradable en el qual viure.<\/p>\n\n          <\/div>\n        <\/div>\n      <\/div><div class=\"flip-card col-md-3\">\n        <div class=\"flip-card-inner\">\n          <div class=\"flip-card-front\" style=\";background-size: 150px;background-position: center 60px;background-repeat: no-repeat;background-color: white;\">\n          <p class=\"flip-title\">CURA PERSONAL<\/p>\n            <div class=\"imgcont\">\n            <img decoding=\"async\" src=\"https:\/\/www.imepbcn.com\/wp-content\/uploads\/2023\/02\/cuidado-personal.png\" alt=\"Avatar\" class=\"imgflip\" \/>\n            <\/div>\n          <\/div>\n          <div class=\"flip-card-back\">\n            <h1>CURA PERSONAL<\/h1>\n            <p>Oferim l'atenci\u00f3 i els suports necessaris segons el grau de depend\u00e8ncia de cada resident.<\/p>\n\n          <\/div>\n        <\/div>\n      <\/div><div class=\"flip-card col-md-3\">\n        <div class=\"flip-card-inner\">\n          <div class=\"flip-card-front\" style=\";background-size: 150px;background-position: center 60px;background-repeat: no-repeat;background-color: white;\">\n          <p class=\"flip-title\">ALIMENTACI\u00d3 \/ MANUTENCI\u00d3<\/p>\n            <div class=\"imgcont\">\n            <img decoding=\"async\" src=\"https:\/\/www.imepbcn.com\/wp-content\/uploads\/2023\/02\/alimentacion.png\" alt=\"Avatar\" class=\"imgflip\" \/>\n            <\/div>\n          <\/div>\n          <div class=\"flip-card-back\">\n            <h1>ALIMENTACI\u00d3 \/ MANUTENCI\u00d3<\/h1>\n            <p>Men\u00fas especialitzats segons les necessitats de cada resident, diabetis, disf\u00e0gia\u2026<\/p>\n\n          <\/div>\n        <\/div>\n      <\/div><div class=\"flip-card col-md-3\">\n        <div class=\"flip-card-inner\">\n          <div class=\"flip-card-front\" style=\";background-size: 150px;background-position: center 60px;background-repeat: no-repeat;background-color: white;\">\n          <p class=\"flip-title\">SERVEI DE BUGADERIA I CURA DE LA LLAR<\/p>\n            <div class=\"imgcont\">\n            <img decoding=\"async\" src=\"https:\/\/www.imepbcn.com\/wp-content\/uploads\/2023\/02\/lavanderia.png\" alt=\"Avatar\" class=\"imgflip\" \/>\n            <\/div>\n          <\/div>\n          <div class=\"flip-card-back\">\n            <h1>SERVEI DE BUGADERIA I CURA DE LA LLAR<\/h1>\n            <p>Realitzaci\u00f3 i\/o foment de l'autonomia per a la cura de la roba, l'ordre i la seva elecci\u00f3.<\/p>\n\n          <\/div>\n        <\/div>\n      <\/div><div class=\"flip-card col-md-3\">\n        <div class=\"flip-card-inner\">\n          <div class=\"flip-card-front\" style=\";background-size: 150px;background-position: center 60px;background-repeat: no-repeat;background-color: white;\">\n          <p class=\"flip-title\">ATENCI\u00d3 A LA SALUT I SEGURETAT PERSONAL EN LA LLAR<\/p>\n            <div class=\"imgcont\">\n            <img decoding=\"async\" src=\"https:\/\/www.imepbcn.com\/wp-content\/uploads\/2023\/02\/salud.png\" alt=\"Avatar\" class=\"imgflip\" \/>\n            <\/div>\n          <\/div>\n          <div class=\"flip-card-back\">\n            <h1>ATENCI\u00d3 A LA SALUT I SEGURETAT PERSONAL EN LA LLAR<\/h1>\n            <p>Administraci\u00f3 de la medicaci\u00f3 i seguiment dels tractaments pautats per personal m\u00e8dic i les cures d'infermeria<\/p>\n\n          <\/div>\n        <\/div>\n      <\/div><div class=\"flip-card col-md-3\">\n        <div class=\"flip-card-inner\">\n          <div class=\"flip-card-front\" style=\";background-size: 150px;background-position: center 60px;background-repeat: no-repeat;background-color: white;\">\n          <p class=\"flip-title\">HABILITACI\u00d3 PERSONAL I SOCIAL<\/p>\n            <div class=\"imgcont\">\n            <img decoding=\"async\" src=\"https:\/\/www.imepbcn.com\/wp-content\/uploads\/2023\/02\/habilitacion-personal.png\" alt=\"Avatar\" class=\"imgflip\" \/>\n            <\/div>\n          <\/div>\n          <div class=\"flip-card-back\">\n            <h1>HABILITACI\u00d3 PERSONAL I SOCIAL<\/h1>\n            <p>Foment i manteniment de l'autonomia en l'auto-cuidat. Establir rutines i h\u00e0bits diaris d'higiene i de les feines de casa.<\/p>\n\n          <\/div>\n        <\/div>\n      <\/div><div class=\"flip-card col-md-3\">\n        <div class=\"flip-card-inner\">\n          <div class=\"flip-card-front\" style=\";background-size: 150px;background-position: center 60px;background-repeat: no-repeat;background-color: white;\">\n          <p class=\"flip-title\">ACOLLIMENT I CONVIV\u00c8NCIA<\/p>\n            <div class=\"imgcont\">\n            <img decoding=\"async\" src=\"https:\/\/www.imepbcn.com\/wp-content\/uploads\/2023\/02\/acogimiento.png\" alt=\"Avatar\" class=\"imgflip\" \/>\n            <\/div>\n          <\/div>\n          <div class=\"flip-card-back\">\n            <h1>ACOLLIMENT I CONVIV\u00c8NCIA<\/h1>\n            <p>Des de l'equip t\u00e8cnic del IMEP es realitza un pla d'acolliment als nous residents per a afavorir la seva adaptaci\u00f3 durant els primers dies. Treballem di\u00e0riament per a inculcar els valors de respecte i conviv\u00e8ncia.<\/p>\n\n          <\/div>\n        <\/div>\n      <\/div><div class=\"flip-card col-md-3\">\n        <div class=\"flip-card-inner\">\n          <div class=\"flip-card-front\" style=\";background-size: 150px;background-position: center 60px;background-repeat: no-repeat;background-color: white;\">\n          <p class=\"flip-title\">ATENCI\u00d3 PSICOL\u00d2GICA I PSIQUI\u00c0TRICA<\/p>\n            <div class=\"imgcont\">\n            <img decoding=\"async\" src=\"https:\/\/www.imepbcn.com\/wp-content\/uploads\/2023\/02\/atencion-psicologica.png\" alt=\"Avatar\" class=\"imgflip\" \/>\n            <\/div>\n          <\/div>\n          <div class=\"flip-card-back\">\n            <h1>ATENCI\u00d3 PSICOL\u00d2GICA I PSIQUI\u00c0TRICA<\/h1>\n            <p>Supervisi\u00f3 i revisions peri\u00f2diques dels residents per part de psiquiatra i psic\u00f2loga del centre.<\/p>\n\n          <\/div>\n        <\/div>\n      <\/div><div class=\"flip-card col-md-3\">\n        <div class=\"flip-card-inner\">\n          <div class=\"flip-card-front\" style=\";background-size: 150px;background-position: center 60px;background-repeat: no-repeat;background-color: white;\">\n          <p class=\"flip-title\">FOMENT DE LES RELACIONS INTERPERSONALS I SOCIALS<\/p>\n            <div class=\"imgcont\">\n            <img decoding=\"async\" src=\"https:\/\/www.imepbcn.com\/wp-content\/uploads\/2023\/02\/fomento-de-relaciones.png\" alt=\"Avatar\" class=\"imgflip\" \/>\n            <\/div>\n          <\/div>\n          <div class=\"flip-card-back\">\n            <h1>FOMENT DE LES RELACIONS INTERPERSONALS I SOCIALS<\/h1>\n            <p>En les activitats que es realitzen des de le Centre, l'equip auxiliar fomenta i treballa les habilitats socials implicades en cada cas.<\/p>\n\n          <\/div>\n        <\/div>\n      <\/div><div class=\"flip-card col-md-3\">\n        <div class=\"flip-card-inner\">\n          <div class=\"flip-card-front\" style=\";background-size: 150px;background-position: center 60px;background-repeat: no-repeat;background-color: white;\">\n          <p class=\"flip-title\">FOMENTAR LA INCLUSI\u00d3 SOCIAL<\/p>\n            <div class=\"imgcont\">\n            <img decoding=\"async\" src=\"https:\/\/www.imepbcn.com\/wp-content\/uploads\/2023\/02\/inclusion-social.png\" alt=\"Avatar\" class=\"imgflip\" \/>\n            <\/div>\n          <\/div>\n          <div class=\"flip-card-back\">\n            <h1>FOMENTAR LA INCLUSI\u00d3 SOCIAL<\/h1>\n            <p>Generar oportunitats de participar de manera plena en la vida social, i aix\u00ed poder gaudir. Desenvolupar les seves potencialitats com a individus, i aprofitar al m\u00e0xim les oportunitats per a viure en benestar.<\/p>\n\n          <\/div>\n        <\/div>\n      <\/div><div class=\"flip-card col-md-3\">\n        <div class=\"flip-card-inner\">\n          <div class=\"flip-card-front\" style=\";background-size: 150px;background-position: center 60px;background-repeat: no-repeat;background-color: white;\">\n          <p class=\"flip-title\">ASSESSORAMENT I COMPANYAMENT A LES FAM\u00cdLIES<\/p>\n            <div class=\"imgcont\">\n            <img decoding=\"async\" src=\"https:\/\/www.imepbcn.com\/wp-content\/uploads\/2023\/02\/asesoramiento-a-familias.png\" alt=\"Avatar\" class=\"imgflip\" \/>\n            <\/div>\n          <\/div>\n          <div class=\"flip-card-back\">\n            <h1>ASSESSORAMENT I COMPANYAMENT A LES FAM\u00cdLIES<\/h1>\n            <p>Assessorar les fam\u00edlies, \u00e9s acompanyar-les en moments que necessiten del suport de professionals perqu\u00e8 els ajudin en situacions relacionades amb els residents.<\/p>\n\n          <\/div>\n        <\/div>\n      <\/div><\/div>\n\n\n<hr class=\"is-style-wide ml0 wp-block-separator has-text-color has-alpha-channel-opacity has-background eplus-wrapper eplus-styles-uid-cbb72c\" style=\"background-color:#84a857;color:#84a857\">\n\n<h4 class=\" eplus-wrapper wp-block-heading eplus-styles-uid-6c0c8e\">SERVEIS ADDICIONALS<\/h4>\n\n\n<p class=\" eplus-wrapper\"><\/p>\n\n\n\n<div style=\"height:350px\" aria-hidden=\"true\" class=\" wp-block-spacer eplus-wrapper\"><\/div>\n\n\n<div class=\"mt-330 edplus_anim-jcXOqB wp-block-columns eplus-wrapper is-layout-flex wp-container-core-columns-is-layout-2 wp-block-columns-is-layout-flex eplus-styles-uid-b9dc34\">\n<div class=\" wp-block-column eplus-wrapper is-layout-flow wp-block-column-is-layout-flow\" style=\"flex-basis:50%\"><figure class=\" wp-block-image size-large eplus-wrapper eplus-styles-uid-3f470e\"><img loading=\"lazy\" decoding=\"async\" width=\"1024\" height=\"554\" src=\"https:\/\/www.imepbcn.com\/wp-content\/uploads\/2023\/03\/Imagen-de-WhatsApp-2022-06-05-a-1-3-1024x554.jpg\" alt=\"\" class=\"wp-image-2438\" srcset=\"https:\/\/www.imepbcn.com\/wp-content\/uploads\/2023\/03\/Imagen-de-WhatsApp-2022-06-05-a-1-3-1024x554.jpg 1024w, https:\/\/www.imepbcn.com\/wp-content\/uploads\/2023\/03\/Imagen-de-WhatsApp-2022-06-05-a-1-3-300x162.jpg 300w, https:\/\/www.imepbcn.com\/wp-content\/uploads\/2023\/03\/Imagen-de-WhatsApp-2022-06-05-a-1-3-768x415.jpg 768w, https:\/\/www.imepbcn.com\/wp-content\/uploads\/2023\/03\/Imagen-de-WhatsApp-2022-06-05-a-1-3.jpg 1379w\" sizes=\"(max-width: 1024px) 100vw, 1024px\" \/><\/figure><\/div>\n\n\n\n<div class=\" wp-block-column eplus-wrapper is-layout-flow wp-block-column-is-layout-flow\" style=\"flex-basis:50%\"><figure class=\" wp-block-image size-large eplus-wrapper eplus-styles-uid-c88617\"><img loading=\"lazy\" decoding=\"async\" width=\"1024\" height=\"565\" src=\"https:\/\/www.imepbcn.com\/wp-content\/uploads\/2023\/03\/IMG_7280-3-1024x565.jpg\" alt=\"\" class=\"wp-image-2446\" srcset=\"https:\/\/www.imepbcn.com\/wp-content\/uploads\/2023\/03\/IMG_7280-3-1024x565.jpg 1024w, https:\/\/www.imepbcn.com\/wp-content\/uploads\/2023\/03\/IMG_7280-3-300x166.jpg 300w, https:\/\/www.imepbcn.com\/wp-content\/uploads\/2023\/03\/IMG_7280-3-768x424.jpg 768w, https:\/\/www.imepbcn.com\/wp-content\/uploads\/2023\/03\/IMG_7280-3-1536x848.jpg 1536w, https:\/\/www.imepbcn.com\/wp-content\/uploads\/2023\/03\/IMG_7280-3-2048x1131.jpg 2048w\" sizes=\"(max-width: 1024px) 100vw, 1024px\" \/><\/figure><\/div>\n<\/div>\n\n<p class=\" has-text-align-center eplus-wrapper eplus-styles-uid-2e6190\">Tots busquem les activitats m\u00e9s \u00f2ptimes que ens aportin cuidat al nostre cos i a la nostra ment.<\/p>\n\n<p class=\" eplus-wrapper eplus-styles-uid-2e6190\">Per aix\u00f2 l\u2019entitat ofereix una s\u00e8rie de serveis complementaris quan aix\u00ed ho requereixin o necessitin que proporcioni als nostres residents qualitat i confort.<\/p>\n\n<p class=\" eplus-wrapper eplus-styles-uid-2e6190\">Perqu\u00e8 les persones necessitem serveis puntuals.<\/p>\n\n<p class=\" eplus-wrapper eplus-styles-uid-2e6190\">Perqu\u00e8 ens agrada, perqu\u00e8 ens ve de gust o perqu\u00e8 ho necessitem.<\/p>\n\n<hr class=\"is-style-wide mr0 wp-block-separator has-text-color has-alpha-channel-opacity has-background eplus-wrapper eplus-styles-uid-cbb72c\" style=\"background-color:#84a857;color:#84a857\">\n\n\n<div style=\"height:20px\" aria-hidden=\"true\" class=\" wp-block-spacer eplus-wrapper\"><\/div>\n\n\n\n<div class=\"row flipcardcustom\"><div class=\"flip-card col-md-3\">\n        <div class=\"flip-card-inner\">\n          <div class=\"flip-card-front\" style=\";background-size: 150px;background-position: center 60px;background-repeat: no-repeat;background-color: white;\">\n          <p class=\"flip-title\">PODOLOGIA<\/p>\n            <div class=\"imgcont_2\">\n            <img decoding=\"async\" src=\"https:\/\/www.imepbcn.com\/wp-content\/uploads\/2023\/02\/podologia.png\" alt=\"Avatar\" class=\"imgflip\" \/>\n            <\/div>\n          <\/div>\n          <div class=\"flip-card-back\">\n            <h1>PODOLOGIA<\/h1>\n            <p>Comptem amb servei de Podologia a demanda dels residents que ho requereixin. Peri\u00f2dicament especialistes en podologia aporten tot el material necessari a la Instituci\u00f3 per a les necessitats que puguin precisar els residents.<\/p>\n\n          <\/div>\n        <\/div>\n      <\/div><div class=\"flip-card col-md-3\">\n        <div class=\"flip-card-inner\">\n          <div class=\"flip-card-front\" style=\";background-size: 150px;background-position: center 60px;background-repeat: no-repeat;background-color: white;\">\n          <p class=\"flip-title\">ZOOTERAPIA<\/p>\n            <div class=\"imgcont_2\">\n            <img decoding=\"async\" src=\"https:\/\/www.imepbcn.com\/wp-content\/uploads\/2023\/02\/zooterapia.png\" alt=\"Avatar\" class=\"imgflip\" \/>\n            <\/div>\n          <\/div>\n          <div class=\"flip-card-back\">\n            <h1>ZOOTERAPIA<\/h1>\n            <p>Les ter\u00e0pies assistides amb animals han demostrat nombrosos beneficis en les persones amb diversitat funcional: empatia, sociabilitat, motricitat, coordinaci\u00f3, estimulaci\u00f3.... *es precisa un n\u00famero m\u00ednim per a realitzar l'activitat<\/p>\n\n          <\/div>\n        <\/div>\n      <\/div><div class=\"flip-card col-md-3\">\n        <div class=\"flip-card-inner\">\n          <div class=\"flip-card-front\" style=\";background-size: 150px;background-position: center 60px;background-repeat: no-repeat;background-color: white;\">\n          <p class=\"flip-title\">FISIOTER\u00c0PIA<\/p>\n            <div class=\"imgcont_2\">\n            <img decoding=\"async\" src=\"https:\/\/www.imepbcn.com\/wp-content\/uploads\/2023\/02\/fisioterapia-1.png\" alt=\"Avatar\" class=\"imgflip\" \/>\n            <\/div>\n          <\/div>\n          <div class=\"flip-card-back\">\n            <h1>FISIOTER\u00c0PIA<\/h1>\n            <p>Sessions individuals i grupals a demanda per processos aguts o degeneratius, manteniment o refor\u00e7 de les funcions.* es precisa un nombre m\u00ednim d'inscripcions per a realitzar l'activitat<\/p>\n\n          <\/div>\n        <\/div>\n      <\/div><div class=\"flip-card col-md-3\">\n        <div class=\"flip-card-inner\">\n          <div class=\"flip-card-front\" style=\";background-size: 150px;background-position: center 60px;background-repeat: no-repeat;background-color: white;\">\n          <p class=\"flip-title\">ESPORT I PSICOMOTRICITAT<\/p>\n            <div class=\"imgcont_2\">\n            <img decoding=\"async\" src=\"https:\/\/www.imepbcn.com\/wp-content\/uploads\/2023\/02\/psico.png\" alt=\"Avatar\" class=\"imgflip\" \/>\n            <\/div>\n          <\/div>\n          <div class=\"flip-card-back\">\n            <h1>ESPORT I PSICOMOTRICITAT<\/h1>\n            <p>Classes espec\u00edfiques d'Esport i psicomotricitat grupals. Es realitzen exercicis de psicomotricitat, equilibri, lateralitat, i multisport. * es precisa un nombre m\u00ednim d'inscripcions per a realitzar l'activitat<\/p>\n\n          <\/div>\n        <\/div>\n      <\/div><div class=\"flip-card col-md-3\">\n        <div class=\"flip-card-inner\">\n          <div class=\"flip-card-front\" style=\";background-size: 150px;background-position: center 60px;background-repeat: no-repeat;background-color: white;\">\n          <p class=\"flip-title\">PERRUQUERIA<\/p>\n            <div class=\"imgcont_2\">\n            <img decoding=\"async\" src=\"https:\/\/www.imepbcn.com\/wp-content\/uploads\/2023\/02\/peluqueria.png\" alt=\"Avatar\" class=\"imgflip\" \/>\n            <\/div>\n          <\/div>\n          <div class=\"flip-card-back\">\n            <h1>PERRUQUERIA<\/h1>\n            <p>Visites peri\u00f2diques de perruquer a domicili segons demanda dels residents.<\/p>\n\n          <\/div>\n        <\/div>\n      <\/div><div class=\"flip-card col-md-3\">\n        <div class=\"flip-card-inner\">\n          <div class=\"flip-card-front\" style=\";background-size: 150px;background-position: center 60px;background-repeat: no-repeat;background-color: white;\">\n          <p class=\"flip-title\">NATACI\u00d3<\/p>\n            <div class=\"imgcont_2\">\n            <img decoding=\"async\" src=\"https:\/\/www.imepbcn.com\/wp-content\/uploads\/2023\/02\/natacion.png\" alt=\"Avatar\" class=\"imgflip\" \/>\n            <\/div>\n          <\/div>\n          <div class=\"flip-card-back\">\n            <h1>NATACI\u00d3<\/h1>\n            <p>La nataci\u00f3 permet treballar tota la musculatura, incrementa la capacitat cardiorespirat\u00f2ria, la resist\u00e8ncia, la for\u00e7a, la flexibilitat... Lloc; CEM Guinard\u00f3 o en ACELL Llars Mundet activitat per curs escolar .*es requereix nombre m\u00ednim de persones per a realitzar l'activitat<\/p>\n\n          <\/div>\n        <\/div>\n      <\/div><div class=\"flip-card col-md-3\">\n        <div class=\"flip-card-inner\">\n          <div class=\"flip-card-front\" style=\";background-size: 150px;background-position: center 60px;background-repeat: no-repeat;background-color: white;\">\n          <p class=\"flip-title\">PETANCA<\/p>\n            <div class=\"imgcont_2\">\n            <img decoding=\"async\" src=\"https:\/\/www.imepbcn.com\/wp-content\/uploads\/2023\/02\/petanca.png\" alt=\"Avatar\" class=\"imgflip\" \/>\n            <\/div>\n          <\/div>\n          <div class=\"flip-card-back\">\n            <h1>PETANCA<\/h1>\n            <p>Inscrits en la Lliga Catalana de Petanca de la Federaci\u00f3 Acell. L'activitat consisteix en partits per tripletas en Llars Mundet dos dissabtes al mes. Inclusi\u00f3, participaci\u00f3, normes, coordinaci\u00f3...* es precisa un nombre m\u00ednim d'inscripcions per a realitzar l'activitat<\/p>\n\n          <\/div>\n        <\/div>\n      <\/div><div class=\"flip-card col-md-3\">\n        <div class=\"flip-card-inner\">\n          <div class=\"flip-card-front\" style=\";background-size: 150px;background-position: center 60px;background-repeat: no-repeat;background-color: white;\">\n          <p class=\"flip-title\">HANDBOL INCLUSIU<\/p>\n            <div class=\"imgcont_2\">\n            <img decoding=\"async\" src=\"https:\/\/www.imepbcn.com\/wp-content\/uploads\/2023\/03\/handball_icon_136530.png\" alt=\"Avatar\" class=\"imgflip\" \/>\n            <\/div>\n          <\/div>\n          <div class=\"flip-card-back\">\n            <h1>HANDBOL INCLUSIU<\/h1>\n            <p>Un projecte per a la creaci\u00f3 no sols d'un equip Special, sin\u00f3 diverses activitats per a posar en valor capacitats. Es realitzen segons convocat\u00f2ries \u00faniques durant el curs escolar.<\/p>\n\n          <\/div>\n        <\/div>\n      <\/div><\/div>\n\n\n\n<div style=\"height:10px\" aria-hidden=\"true\" class=\" wp-block-spacer eplus-wrapper\"><\/div>\n\n\n\n<div class=\" wp-block-buttons eplus-wrapper is-content-justification-center is-layout-flex wp-container-core-buttons-is-layout-1 wp-block-buttons-is-layout-flex\"><div class=\"tradegothic wp-block-button eplus-wrapper eplus-styles-uid-d670b1\"><a class=\"wp-block-button__link wp-element-button\" href=\"http:\/\/www.imepbcn.com.mialias.net\/ca\/contacte\/\">M\u00c9S INFORMACI\u00d3<\/a><\/div><\/div>\n\n\n\n<div style=\"height:20px\" aria-hidden=\"true\" class=\" wp-block-spacer eplus-wrapper\"><\/div>\n\n\n<hr class=\"is-style-wide mr0 ml0 wp-block-separator has-text-color has-alpha-channel-opacity has-background eplus-wrapper eplus-styles-uid-fe3c8c\" style=\"background-color:#84a857;color:#84a857\">","protected":false},"excerpt":{"rendered":"<p>La resid\u00e8ncia compta amb tots els serveis necessaris per viure confortablement i donar resposta a les necessitats dels residents. A m\u00e9s dels serveis b\u00e0sics oferim tamb\u00e9 serveis complementaris a demanda del resident. L\u2019equip t\u00e8cnic del centre elabora un Pla anual d\u2019activitats on es planifiquen i agendan les activitats que es realitzessin durant el curs: Estimulaci\u00f3 &hellip;<\/p>\n","protected":false},"author":1,"featured_media":0,"parent":0,"menu_order":0,"comment_status":"closed","ping_status":"closed","template":"page-serveis.php","meta":{"editor_plus_copied_stylings":"{}","footnotes":""},"class_list":["post-2667","page","type-page","status-publish","hentry"],"acf":[],"yoast_head":"<!-- This site is optimized with the Yoast SEO plugin v20.7 - https:\/\/yoast.com\/wordpress\/plugins\/seo\/ -->\n<title>ELS NOSTRES SERVEIS - Imep<\/title>\n<meta name=\"robots\" content=\"index, follow, max-snippet:-1, max-image-preview:large, max-video-preview:-1\" \/>\n<link rel=\"canonical\" href=\"https:\/\/www.imepbcn.com\/ca\/nostres-serveis\/\" \/>\n<meta property=\"og:locale\" content=\"ca_ES\" \/>\n<meta property=\"og:type\" content=\"article\" \/>\n<meta property=\"og:title\" content=\"ELS NOSTRES SERVEIS - Imep\" \/>\n<meta property=\"og:description\" content=\"La resid\u00e8ncia compta amb tots els serveis necessaris per viure confortablement i donar resposta a les necessitats dels residents. A m\u00e9s dels serveis b\u00e0sics oferim tamb\u00e9 serveis complementaris a demanda del resident. L\u2019equip t\u00e8cnic del centre elabora un Pla anual d\u2019activitats on es planifiquen i agendan les activitats que es realitzessin durant el curs: Estimulaci\u00f3 &hellip;\" \/>\n<meta property=\"og:url\" content=\"https:\/\/www.imepbcn.com\/ca\/nostres-serveis\/\" \/>\n<meta property=\"og:site_name\" content=\"Imep\" \/>\n<meta property=\"article:publisher\" content=\"https:\/\/www.facebook.com\/IMEP.InstitutoMedicoPedagogico\/\" \/>\n<meta property=\"article:modified_time\" content=\"2023-03-29T10:32:52+00:00\" \/>\n<meta property=\"og:image\" content=\"https:\/\/www.imepbcn.com\/wp-content\/uploads\/2023\/03\/IMG_20160721_182221r-1-1024x554.jpg\" \/>\n<meta name=\"twitter:card\" content=\"summary_large_image\" \/>\n<meta name=\"twitter:label1\" content=\"Temps estimat de lectura\" \/>\n\t<meta name=\"twitter:data1\" content=\"2 minuts\" \/>\n<script type=\"application\/ld+json\" class=\"yoast-schema-graph\">{\"@context\":\"https:\/\/schema.org\",\"@graph\":[{\"@type\":\"WebPage\",\"@id\":\"https:\/\/www.imepbcn.com\/ca\/nostres-serveis\/\",\"url\":\"https:\/\/www.imepbcn.com\/ca\/nostres-serveis\/\",\"name\":\"ELS NOSTRES SERVEIS - Imep\",\"isPartOf\":{\"@id\":\"https:\/\/www.imepbcn.com\/ca\/#website\"},\"datePublished\":\"2023-01-27T19:26:29+00:00\",\"dateModified\":\"2023-03-29T10:32:52+00:00\",\"breadcrumb\":{\"@id\":\"https:\/\/www.imepbcn.com\/ca\/nostres-serveis\/#breadcrumb\"},\"inLanguage\":\"ca\",\"potentialAction\":[{\"@type\":\"ReadAction\",\"target\":[\"https:\/\/www.imepbcn.com\/ca\/nostres-serveis\/\"]}]},{\"@type\":\"BreadcrumbList\",\"@id\":\"https:\/\/www.imepbcn.com\/ca\/nostres-serveis\/#breadcrumb\",\"itemListElement\":[{\"@type\":\"ListItem\",\"position\":1,\"name\":\"Portada\",\"item\":\"https:\/\/www.imepbcn.com\/ca\/\"},{\"@type\":\"ListItem\",\"position\":2,\"name\":\"ELS NOSTRES SERVEIS\"}]},{\"@type\":\"WebSite\",\"@id\":\"https:\/\/www.imepbcn.com\/ca\/#website\",\"url\":\"https:\/\/www.imepbcn.com\/ca\/\",\"name\":\"Imep\",\"description\":\"\",\"publisher\":{\"@id\":\"https:\/\/www.imepbcn.com\/ca\/#organization\"},\"potentialAction\":[{\"@type\":\"SearchAction\",\"target\":{\"@type\":\"EntryPoint\",\"urlTemplate\":\"https:\/\/www.imepbcn.com\/ca\/?s={search_term_string}\"},\"query-input\":\"required name=search_term_string\"}],\"inLanguage\":\"ca\"},{\"@type\":\"Organization\",\"@id\":\"https:\/\/www.imepbcn.com\/ca\/#organization\",\"name\":\"Instituto M\u00e9dico Pedag\u00f3gico\",\"url\":\"https:\/\/www.imepbcn.com\/ca\/\",\"logo\":{\"@type\":\"ImageObject\",\"inLanguage\":\"ca\",\"@id\":\"https:\/\/www.imepbcn.com\/ca\/#\/schema\/logo\/image\/\",\"url\":\"https:\/\/www.imepbcn.com\/wp-content\/uploads\/2023\/01\/Logo.png\",\"contentUrl\":\"https:\/\/www.imepbcn.com\/wp-content\/uploads\/2023\/01\/Logo.png\",\"width\":1314,\"height\":420,\"caption\":\"Instituto M\u00e9dico Pedag\u00f3gico\"},\"image\":{\"@id\":\"https:\/\/www.imepbcn.com\/ca\/#\/schema\/logo\/image\/\"},\"sameAs\":[\"https:\/\/www.facebook.com\/IMEP.InstitutoMedicoPedagogico\/\",\"https:\/\/www.instagram.com\/instituto_medico_pedagogico\/\"]}]}<\/script>\n<!-- \/ Yoast SEO plugin. -->","yoast_head_json":{"title":"ELS NOSTRES SERVEIS - Imep","robots":{"index":"index","follow":"follow","max-snippet":"max-snippet:-1","max-image-preview":"max-image-preview:large","max-video-preview":"max-video-preview:-1"},"canonical":"https:\/\/www.imepbcn.com\/ca\/nostres-serveis\/","og_locale":"ca_ES","og_type":"article","og_title":"ELS NOSTRES SERVEIS - Imep","og_description":"La resid\u00e8ncia compta amb tots els serveis necessaris per viure confortablement i donar resposta a les necessitats dels residents. A m\u00e9s dels serveis b\u00e0sics oferim tamb\u00e9 serveis complementaris a demanda del resident. L\u2019equip t\u00e8cnic del centre elabora un Pla anual d\u2019activitats on es planifiquen i agendan les activitats que es realitzessin durant el curs: Estimulaci\u00f3 &hellip;","og_url":"https:\/\/www.imepbcn.com\/ca\/nostres-serveis\/","og_site_name":"Imep","article_publisher":"https:\/\/www.facebook.com\/IMEP.InstitutoMedicoPedagogico\/","article_modified_time":"2023-03-29T10:32:52+00:00","og_image":[{"url":"https:\/\/www.imepbcn.com\/wp-content\/uploads\/2023\/03\/IMG_20160721_182221r-1-1024x554.jpg"}],"twitter_card":"summary_large_image","twitter_misc":{"Temps estimat de lectura":"2 minuts"},"schema":{"@context":"https:\/\/schema.org","@graph":[{"@type":"WebPage","@id":"https:\/\/www.imepbcn.com\/ca\/nostres-serveis\/","url":"https:\/\/www.imepbcn.com\/ca\/nostres-serveis\/","name":"ELS NOSTRES SERVEIS - Imep","isPartOf":{"@id":"https:\/\/www.imepbcn.com\/ca\/#website"},"datePublished":"2023-01-27T19:26:29+00:00","dateModified":"2023-03-29T10:32:52+00:00","breadcrumb":{"@id":"https:\/\/www.imepbcn.com\/ca\/nostres-serveis\/#breadcrumb"},"inLanguage":"ca","potentialAction":[{"@type":"ReadAction","target":["https:\/\/www.imepbcn.com\/ca\/nostres-serveis\/"]}]},{"@type":"BreadcrumbList","@id":"https:\/\/www.imepbcn.com\/ca\/nostres-serveis\/#breadcrumb","itemListElement":[{"@type":"ListItem","position":1,"name":"Portada","item":"https:\/\/www.imepbcn.com\/ca\/"},{"@type":"ListItem","position":2,"name":"ELS NOSTRES SERVEIS"}]},{"@type":"WebSite","@id":"https:\/\/www.imepbcn.com\/ca\/#website","url":"https:\/\/www.imepbcn.com\/ca\/","name":"Imep","description":"","publisher":{"@id":"https:\/\/www.imepbcn.com\/ca\/#organization"},"potentialAction":[{"@type":"SearchAction","target":{"@type":"EntryPoint","urlTemplate":"https:\/\/www.imepbcn.com\/ca\/?s={search_term_string}"},"query-input":"required name=search_term_string"}],"inLanguage":"ca"},{"@type":"Organization","@id":"https:\/\/www.imepbcn.com\/ca\/#organization","name":"Instituto M\u00e9dico Pedag\u00f3gico","url":"https:\/\/www.imepbcn.com\/ca\/","logo":{"@type":"ImageObject","inLanguage":"ca","@id":"https:\/\/www.imepbcn.com\/ca\/#\/schema\/logo\/image\/","url":"https:\/\/www.imepbcn.com\/wp-content\/uploads\/2023\/01\/Logo.png","contentUrl":"https:\/\/www.imepbcn.com\/wp-content\/uploads\/2023\/01\/Logo.png","width":1314,"height":420,"caption":"Instituto M\u00e9dico Pedag\u00f3gico"},"image":{"@id":"https:\/\/www.imepbcn.com\/ca\/#\/schema\/logo\/image\/"},"sameAs":["https:\/\/www.facebook.com\/IMEP.InstitutoMedicoPedagogico\/","https:\/\/www.instagram.com\/instituto_medico_pedagogico\/"]}]}},"_links":{"self":[{"href":"https:\/\/www.imepbcn.com\/ca\/wp-json\/wp\/v2\/pages\/2667"}],"collection":[{"href":"https:\/\/www.imepbcn.com\/ca\/wp-json\/wp\/v2\/pages"}],"about":[{"href":"https:\/\/www.imepbcn.com\/ca\/wp-json\/wp\/v2\/types\/page"}],"author":[{"embeddable":true,"href":"https:\/\/www.imepbcn.com\/ca\/wp-json\/wp\/v2\/users\/1"}],"replies":[{"embeddable":true,"href":"https:\/\/www.imepbcn.com\/ca\/wp-json\/wp\/v2\/comments?post=2667"}],"version-history":[{"count":27,"href":"https:\/\/www.imepbcn.com\/ca\/wp-json\/wp\/v2\/pages\/2667\/revisions"}],"predecessor-version":[{"id":2810,"href":"https:\/\/www.imepbcn.com\/ca\/wp-json\/wp\/v2\/pages\/2667\/revisions\/2810"}],"wp:attachment":[{"href":"https:\/\/www.imepbcn.com\/ca\/wp-json\/wp\/v2\/media?parent=2667"}],"curies":[{"name":"wp","href":"https:\/\/api.w.org\/{rel}","templated":true}]}}