{"id":1161,"date":"2023-02-01T14:38:26","date_gmt":"2023-02-01T14:38:26","guid":{"rendered":"http:\/\/imepbcn.com.mialias.net\/?page_id=1161"},"modified":"2023-03-29T13:48:47","modified_gmt":"2023-03-29T13:48:47","slug":"home","status":"publish","type":"page","link":"https:\/\/www.imepbcn.com\/ca\/","title":{"rendered":"Home"},"content":{"rendered":"\n<h2 class=\"titulo_01 has-text-align-center has-text-color eplus-wrapper wp-block-heading\" style=\"color:#84a857;font-size:23px\"><strong>CENTRE RESIDENCIAL PER A PERSONES<\/strong> AMB DISCAPACITAT INTEL\u00b7LECTUAL<\/h2>\n\n\n\n<hr class=\"is-style-wide wp-block-separator has-text-color has-alpha-channel-opacity has-background eplus-wrapper\" style=\"background-color:#84a857;color:#84a857\"\/>\n\n\n\n<div style=\"height:20px\" aria-hidden=\"true\" class=\" wp-block-spacer eplus-wrapper\"><\/div>\n\n\n<div class=\"container page-container wp-block-columns alignwide eplus-wrapper is-layout-flex wp-container-core-columns-is-layout-1 wp-block-columns-is-layout-flex eplus-styles-uid-0c43e5\"><div class=\"border_01 edplus_anim-IqfmqT wp-block-column has-white-background-color has-text-color has-background has-link-color eplus-wrapper wp-elements-9d480c0c2c0e90d0aa24e27c15026722 is-layout-flow wp-block-column-is-layout-flow eplus-styles-uid-e4b188\" style=\"color:#000000;padding-top:2em;padding-right:2em;padding-bottom:2em;padding-left:2em\">\n<figure class=\" wp-block-image size-large eplus-wrapper\"><img decoding=\"async\" src=\"https:\/\/www.imepbcn.com\/wp-content\/uploads\/2023\/01\/Logo-1024x327.png\" alt=\"\"><\/figure><p class=\" has-text-align-center eplus-wrapper\" style=\"font-size:14px;line-height:1.5\"><strong>UNA LLAR ACOLLIDORA<\/strong><\/p>\n<\/div>\n\n<div class=\"border_01 edplus_anim-IqfmqT wp-block-column has-white-background-color has-text-color has-background has-link-color eplus-wrapper wp-elements-de6f73b9c33ef22b7b0decec457482b2 is-layout-flow wp-block-column-is-layout-flow eplus-styles-uid-db315c\" style=\"color:#000000;padding-top:2em;padding-right:2em;padding-bottom:2em;padding-left:2em\">\n<figure class=\" wp-block-image size-large eplus-wrapper\"><img decoding=\"async\" src=\"https:\/\/www.imepbcn.com\/wp-content\/uploads\/2023\/01\/Logo-1024x327.png\" alt=\"\"><\/figure><p class=\" has-text-align-center eplus-wrapper\" style=\"font-size:14px;line-height:1.5\"><strong>ATENCI\u00d3 PR\u00d2XIMA I PROFESSIONAL<\/strong><\/p>\n<\/div>\n\n<div class=\"border_01 edplus_anim-IqfmqT wp-block-column has-white-background-color has-text-color has-background has-link-color eplus-wrapper wp-elements-58a4f650b34f93e42bdb043116927adf is-layout-flow wp-block-column-is-layout-flow eplus-styles-uid-db315c\" style=\"color:#000000;padding-top:2em;padding-right:2em;padding-bottom:2em;padding-left:2em\">\n<figure class=\" wp-block-image size-large eplus-wrapper\"><img decoding=\"async\" src=\"https:\/\/www.imepbcn.com\/wp-content\/uploads\/2023\/01\/Logo-1024x327.png\" alt=\"\"><\/figure><p class=\" has-text-align-center eplus-wrapper\" style=\"font-size:14px;line-height:1.5\"><strong><strong>EXPERI\u00c8NCIA I VOCACI\u00d3 DE SERVEI<\/strong><\/strong><\/p>\n<\/div><\/div>\n\n\n<h3 class=\"border_02 has-text-align-center has-medium-font-size eplus-wrapper wp-block-heading\">M\u00c9S DE 100 ANYS D&#8217;ATENCI\u00d3 I DEDICACI\u00d3 A LES PERSONES AMB DISCAPACITAT INTEL\u00b7LECTUAL<\/h3>\n\n\n<p class=\" has-text-align-center eplus-wrapper eplus-styles-uid-98fc75\" style=\"font-size:17px\">L&#8217;INSTITUT M\u00c8DIC PEDAG\u00d2GIC \u00e9s un equipament residencial, temporal o permanent, adre\u00e7at a persones adultes amb diagn\u00f2stic de Discapacitat Intel\u00b7lectual lleu, moderat o sever, amb un grau de discapacitat igual o superior al 33%.<\/p>\n\n<p class=\" has-text-align-center eplus-wrapper eplus-styles-uid-98fc75\" style=\"font-size:17px\">Oferim una llar on puguin desenvolupar el seu projecte de vida. Comptem amb un equip hum\u00e0, proper, comprom\u00e8s i professional que aporta els suports i els recursos necessaris les 24 hores del dia.<\/p>\n\n\n<div style=\"height:50px\" aria-hidden=\"true\" class=\" wp-block-spacer eplus-wrapper\"><\/div>\n\n\n<div class=\"colum-i colum-d wp-block-columns alignwide eplus-wrapper is-layout-flex wp-container-core-columns-is-layout-3 wp-block-columns-is-layout-flex eplus-styles-uid-df3ac8\">\n<div class=\" wp-block-column eplus-wrapper is-layout-flow wp-block-column-is-layout-flow\"><div class=\"container page-container relativebox wp-block-columns eplus-wrapper is-layout-flex wp-container-core-columns-is-layout-2 wp-block-columns-is-layout-flex eplus-styles-uid-5b32e7\">\n<div class=\"col1bef wp-block-column eplus-wrapper is-layout-flow wp-block-column-is-layout-flow\">\n<div class=\" wp-block-group eplus-wrapper\"><div class=\"wp-block-group__inner-container is-layout-constrained wp-block-group-is-layout-constrained\"><div class=\" wp-block-cover eplus-wrapper eplus-styles-uid-f9d7eb\" style=\"min-height:400px;aspect-ratio:unset;\"><span aria-hidden=\"true\" class=\"wp-block-cover__background has-background-dim-0 has-background-dim\"><\/span><img loading=\"lazy\" decoding=\"async\" width=\"2560\" height=\"1707\" class=\"wp-block-cover__image-background wp-image-1144\" alt=\"\" src=\"https:\/\/www.imepbcn.com\/wp-content\/uploads\/2023\/01\/abril-910-1-scaled.jpg\" data-object-fit=\"cover\" srcset=\"https:\/\/www.imepbcn.com\/wp-content\/uploads\/2023\/01\/abril-910-1-scaled.jpg 2560w, https:\/\/www.imepbcn.com\/wp-content\/uploads\/2023\/01\/abril-910-1-300x200.jpg 300w, https:\/\/www.imepbcn.com\/wp-content\/uploads\/2023\/01\/abril-910-1-1024x683.jpg 1024w, https:\/\/www.imepbcn.com\/wp-content\/uploads\/2023\/01\/abril-910-1-768x512.jpg 768w, https:\/\/www.imepbcn.com\/wp-content\/uploads\/2023\/01\/abril-910-1-1536x1024.jpg 1536w, https:\/\/www.imepbcn.com\/wp-content\/uploads\/2023\/01\/abril-910-1-2048x1365.jpg 2048w\" sizes=\"(max-width: 2560px) 100vw, 2560px\" \/><div class=\"wp-block-cover__inner-container is-layout-flow wp-block-cover-is-layout-flow\">\n<p class=\" has-text-align-center has-large-font-size eplus-wrapper\"><\/p>\n<\/div><\/div>\n\n<h4 class=\" eplus-wrapper wp-block-heading eplus-styles-uid-837380\">INSTAL\u00b7LACIONS<\/h4>\n\n\n<p class=\" has-text-color eplus-wrapper\" style=\"color:#333333;font-size:15px\">La instituci\u00f3 est\u00e0 situada a Barcelona a la zona del Guinard\u00f3, en un empla\u00e7ament privilegiat amb vistes panor\u00e0miques de la ciutat. Els residents viuen en una casa gran envoltats d&#8217;amplis jardins de prop de 8.000 m2.<\/p>\n\n\n\n<div class=\" wp-block-buttons eplus-wrapper is-horizontal is-content-justification-center is-layout-flex wp-container-core-buttons-is-layout-1 wp-block-buttons-is-layout-flex\"><div class=\"btn_01 wp-block-button eplus-wrapper eplus-styles-uid-5216c4\"><a class=\"wp-block-button__link wp-element-button\" href=\"https:\/\/imepbcn.com\/ca\/installacions\/\" style=\"border-radius:0px\">M\u00c9S INFORMACI\u00d3<\/a><\/div><\/div>\n<\/div><\/div>\n<\/div>\n\n\n\n<div class=\"col2bef wp-block-column eplus-wrapper is-layout-flow wp-block-column-is-layout-flow\">\n<div class=\" wp-block-group eplus-wrapper\"><div class=\"wp-block-group__inner-container is-layout-constrained wp-block-group-is-layout-constrained\"><div class=\" wp-block-cover eplus-wrapper eplus-styles-uid-2c41fb\" style=\"min-height:400px;aspect-ratio:unset;\"><span aria-hidden=\"true\" class=\"wp-block-cover__background has-background-dim-0 has-background-dim\"><\/span><img loading=\"lazy\" decoding=\"async\" width=\"2560\" height=\"1707\" class=\"wp-block-cover__image-background wp-image-1144\" alt=\"\" src=\"https:\/\/www.imepbcn.com\/wp-content\/uploads\/2023\/01\/abril-910-1-scaled.jpg\" data-object-fit=\"cover\" srcset=\"https:\/\/www.imepbcn.com\/wp-content\/uploads\/2023\/01\/abril-910-1-scaled.jpg 2560w, https:\/\/www.imepbcn.com\/wp-content\/uploads\/2023\/01\/abril-910-1-300x200.jpg 300w, https:\/\/www.imepbcn.com\/wp-content\/uploads\/2023\/01\/abril-910-1-1024x683.jpg 1024w, https:\/\/www.imepbcn.com\/wp-content\/uploads\/2023\/01\/abril-910-1-768x512.jpg 768w, https:\/\/www.imepbcn.com\/wp-content\/uploads\/2023\/01\/abril-910-1-1536x1024.jpg 1536w, https:\/\/www.imepbcn.com\/wp-content\/uploads\/2023\/01\/abril-910-1-2048x1365.jpg 2048w\" sizes=\"(max-width: 2560px) 100vw, 2560px\" \/><div class=\"wp-block-cover__inner-container is-layout-flow wp-block-cover-is-layout-flow\">\n<p class=\" has-text-align-center has-large-font-size eplus-wrapper\"><\/p>\n<\/div><\/div>\n\n<h4 class=\" eplus-wrapper wp-block-heading eplus-styles-uid-837380\">SERVEIS<\/h4>\n\n\n<p class=\" has-text-color eplus-wrapper\" style=\"color:#333333;font-size:15px\">La resid\u00e8ncia compta amb tots els serveis necessaris per viure confortablement i donar resposta a les necessitats dels residents. A m\u00e9s dels serveis b\u00e0sics oferim tamb\u00e9 serveis complementaris a demanda&#8230;<\/p>\n\n\n\n<div class=\" wp-block-buttons eplus-wrapper is-horizontal is-content-justification-center is-layout-flex wp-container-core-buttons-is-layout-2 wp-block-buttons-is-layout-flex\"><div class=\"btn_01 wp-block-button eplus-wrapper eplus-styles-uid-92812c\"><a class=\"wp-block-button__link wp-element-button\" href=\"https:\/\/imepbcn.com\/ca\/nostres-serveis\/\" style=\"border-radius:0px\">M\u00c9S INFORMACI\u00d3<\/a><\/div><\/div>\n<\/div><\/div>\n<\/div>\n<\/div><\/div>\n<\/div>\n\n\n<hr class=\"is-style-wide linefrt1 wp-block-separator alignfull has-text-color has-alpha-channel-opacity has-background eplus-wrapper\" style=\"background-color:#84a857;color:#84a857\"\/>\n\n\n<div class=\"container page-container wp-block-columns eplus-wrapper is-layout-flex wp-container-core-columns-is-layout-4 wp-block-columns-is-layout-flex eplus-styles-uid-6eef9b\">\n<div class=\" wp-block-column eplus-wrapper is-layout-flow wp-block-column-is-layout-flow\">\n<h2 class=\" eplus-wrapper wp-block-heading\">TESTIMONIS<\/h2>\n\n\n<style type=\"text\/css\" media=\"all\">#tss-container-1867593258.tss-wrapper .tss-layout10 .item-content-wrapper,\r\n\t\t\t\t\t#tss-container-1867593258.tss-wrapper .tss-isotope3 .item-content-wrapper,\r\n\t\t\t\t\t#tss-container-1867593258.tss-wrapper .tss-isotope5 .item-content-wrapper,\r\n\t\t\t\t\t#tss-container-1867593258.tss-wrapper .tss-carousel10 .item-content-wrapper{background: transparent;}#tss-container-1867593258.tss-wrapper .tss-utility button,\r\n\t\t\t\t\t\t#tss-container-1867593258.tss-wrapper .tss-carousel-main .swiper-arrow,\r\n\t\t\t\t\t\t#tss-container-1867593258.tss-wrapper .tss-carousel-main .swiper-pagination-bullet,\r\n\t\t\t\t\t\t#tss-container-1867593258.tss-wrapper .tss-carousel .swiper-arrow,\r\n\t\t\t\t\t\t#tss-container-1867593258.tss-wrapper .tss-carousel .swiper-pagination-bullet,\r\n\t\t\t\t\t\t#tss-container-1867593258.tss-wrapper .tss-utility .rt-button,\r\n\t\t\t\t\t\t#tss-container-1867593258.tss-wrapper .tss-pagination ul.pagination-list li a,\r\n\t\t\t\t\t\t#tss-container-1867593258.tss-wrapper .tss-isotope-button-wrapper .rt-iso-button{background-color: #81d742;}<\/style><div class=\"rt-container-fluid tss-wrapper \" id=\"tss-container-1867593258\" data-layout=\"carousel3\" data-desktop-col=\"3\" data-tab-col=\"2\" data-mobile-col=\"1\"><div data-title=\"Loading ...\" class=\"rt-row tss-carousel3 tss-even tss-pre-loader\"><div class=\"carousel-wrapper\"><div class=\"tss-carousel swiper\" data-loop=\"true\" data-items-desktop=\"3\" data-items-tab=\"2\" data-items-mobile=\"1\" data-autoplay=\"false\" data-autoplay-timeout=\"10000\" data-autoplay-hover-pause=\"false\" data-dots=\"false\" data-nav=\"true\" data-lazy-load=\"false\" data-auto-height=\"false\" data-smart-speed=\"1000\"><div class=\"swiper-wrapper\"><div class=\"rt-col-md-12 rt-col-sm-12 rt-col-xs-12 even-grid-item tss-grid-item slide-item swiper-slide even-grid-item no-margin tss-img-circle\"><div class=\"single-item-wrapper\"><div class=\"tss-meta-info\"><div class=\"profile-img-wrapper\"><img decoding=\"async\" alt=\"Maribel\" class=\"rt-responsive-img\" src=\"https:\/\/www.imepbcn.com\/wp-content\/uploads\/2023\/03\/quienes1-150x150.png\"><\/div><\/div><div class=\"item-content-wrapper\"><div class=\"item-content\"><p style=\"text-align: center\">Hola. Com a Familiar d&#8217;un dels residents del col\u00b7legi (germana), comentar que estem encantats amb el centre: el personal, la direcci\u00f3 que assisteixen al seu dia a dia al meu germ\u00e0 s\u00f3n com una gran Fam\u00edlia: afectuosos, professionals&#8230; sense deixar a banda la ubicaci\u00f3 i l&#8217;entorn de les instal\u00b7lacions envoltat de bells jardins que fan la vida m\u00e9s tranquil\u00b7la i agradable a tots, fora dels sorolls de Barcelona. Agraeixo en general a tots ells que ho cuidin aix\u00ed. Estic segura que despr\u00e9s de buscar per Barcelona i al voltant trobi el lloc ideal i ho recomano de tot cor. Gr\u00e0cies per ser com sou i ser-hi sempre!<\/p>\r\n\r\n<h2 style=\"text-align: center\">Maribel<\/h2>\r\n<h3 style=\"text-align: center\">[Familiar de Manuel]<\/h3><\/div><\/div><\/div><\/div><div class=\"rt-col-md-12 rt-col-sm-12 rt-col-xs-12 even-grid-item tss-grid-item slide-item swiper-slide even-grid-item no-margin tss-img-circle\"><div class=\"single-item-wrapper\"><div class=\"tss-meta-info\"><div class=\"profile-img-wrapper\"><img decoding=\"async\" alt=\"Susana\" class=\"rt-responsive-img\" src=\"https:\/\/www.imepbcn.com\/wp-content\/uploads\/2023\/03\/quienes1-150x150.png\"><\/div><\/div><div class=\"item-content-wrapper\"><div class=\"item-content\"><p style=\"text-align: center\">Vull agrair de manera expressa al\u00a0 EQUIP\u00c0S de l&#8217;Institut M\u00e8dic Pedag\u00f2gic (IMEP) dirigit per To i In\u00e9s, les atencions i cuidados, tant m\u00e8diques com psicol\u00f2giques, situant-les en un entorn familiar.<\/p>\r\n<p style=\"text-align: center\">La professionalitat que va acompanyada d&#8217;afecte \u00e9s digna d&#8217;esmentar, sobretot perqu\u00e8 quan sorgeixen situacions impredictibles als residents (que es donen) sempre hi ha una m\u00e0 estesa.<\/p>\r\n<p style=\"text-align: center\">No tinc prou paraules per agrair tota la feina i com es porta a terme!<\/p>\r\n\u00a0\r\n<h2 style=\"text-align: center\">Susana<\/h2>\r\n<h3 style=\"text-align: center\">[Familiar de Alvaro]<\/h3><\/div><\/div><\/div><\/div><div class=\"rt-col-md-12 rt-col-sm-12 rt-col-xs-12 even-grid-item tss-grid-item slide-item swiper-slide even-grid-item no-margin tss-img-circle\"><div class=\"single-item-wrapper\"><div class=\"tss-meta-info\"><div class=\"profile-img-wrapper\"><img decoding=\"async\" alt=\"Mar\u00eda Carme\" class=\"rt-responsive-img\" src=\"https:\/\/www.imepbcn.com\/wp-content\/uploads\/2023\/03\/quienes1-150x150.png\"><\/div><\/div><div class=\"item-content-wrapper\"><div class=\"item-content\"><p style=\"text-align: center\">Soc la mare d&#8217;un noi que un bon dia va haver de prendre la decisi\u00f3 de que an\u00e9s a un centre per una s\u00e8rie de problemes que havia desenvolupat amb els anys.<\/p>\r\n<p style=\"text-align: center\">Ara fa 3 anys que est\u00e0 vivint al Centre (Instituto M\u00e9dico Psicol\u00f3gico).<\/p>\r\n<p style=\"text-align: center\">Estic molt segura d&#8217;haver fet l&#8217;elecci\u00f3 m\u00e9s adequada, ja que el meu fill, no podria estar m\u00e9s ben at\u00e8s a tots nivells: tracte hum\u00e0 per tot el personal de la Residencia, at\u00e8s psicol\u00f2gicament per les seves particulars necessitats i com a mare estic molt ben atesa, per qualsevol problema que se&#8217;m presenti.<\/p>\r\n\r\n<h2 style=\"text-align: center\">Carme<\/h2>\r\n<h3 style=\"text-align: center\">[Familiar de Roger]<\/h3><\/div><\/div><\/div><\/div><div class=\"rt-col-md-12 rt-col-sm-12 rt-col-xs-12 even-grid-item tss-grid-item slide-item swiper-slide even-grid-item no-margin tss-img-circle\"><div class=\"single-item-wrapper\"><div class=\"tss-meta-info\"><div class=\"profile-img-wrapper\"><img decoding=\"async\" alt=\"Josefina\" class=\"rt-responsive-img\" src=\"https:\/\/www.imepbcn.com\/wp-content\/uploads\/2023\/03\/quienes1-150x150.png\"><\/div><\/div><div class=\"item-content-wrapper\"><div class=\"item-content\"><p style=\"text-align: center\">Quan D\u00e9u et d\u00f3na una persona especial, diferent per\u00f2 meravellosa desitges el millor per a ella i busques el lloc on pugui ser feli\u00e7. En el meu cas ho tinc des de fa molts anys, l&#8217;Inst. M\u00e8dic Pedag\u00f2gic Dr. Jos\u00e9 Cordoba Ferreiro, on Dani \u00e9s immensament feli\u00e7. Hi ha persones amb una qualitat humana i dedicaci\u00f3 que fan que els nois es trobin contents, alegres, feli\u00e7os i amb moltes ganes de fer coses en com\u00fa. Gr\u00e0cies a D\u00e9u per aquelles persones que amb la seva dedicaci\u00f3 i afecte fan que la vida sigui tan meravellosa per a ells durant tants anys. Molt\u00edssimes gr\u00e0cies!<\/p>\r\n\u00a0\r\n<h2 style=\"text-align: center\">Josefina<\/h2>\r\n<h3 style=\"text-align: center\">[Familiar de Dani]<\/h3><\/div><\/div><\/div><\/div><\/div><div class=\"swiper-arrow swiper-button-next\"><i class=\"rttss-right-open\"><\/i><\/div><div class=\"swiper-arrow swiper-button-prev\"><i class=\"rttss-left-open\"><\/i><\/div><\/div><\/div><div class=\"rt-loading-overlay\"><\/div><div class=\"rt-loading rt-ball-clip-rotate\"><div><\/div><\/div><\/div><\/div><\/div>\n<\/div>\n\n<div class=\"container page-container wp-block-columns eplus-wrapper is-layout-flex wp-container-core-columns-is-layout-5 wp-block-columns-is-layout-flex eplus-styles-uid-31c8aa\">\n<div class=\" wp-block-column eplus-wrapper is-layout-flow wp-block-column-is-layout-flow\"><div class=\" wp-block-cover eplus-wrapper eplus-styles-uid-f305e3\"><span aria-hidden=\"true\" class=\"wp-block-cover__background has-background-dim\"><\/span><img loading=\"lazy\" decoding=\"async\" width=\"1536\" height=\"2048\" class=\"wp-block-cover__image-background wp-image-2226\" alt=\"\" src=\"https:\/\/www.imepbcn.com\/wp-content\/uploads\/2023\/02\/IMG_3339-1.jpeg\" data-object-fit=\"cover\" srcset=\"https:\/\/www.imepbcn.com\/wp-content\/uploads\/2023\/02\/IMG_3339-1.jpeg 1536w, https:\/\/www.imepbcn.com\/wp-content\/uploads\/2023\/02\/IMG_3339-1-225x300.jpeg 225w, https:\/\/www.imepbcn.com\/wp-content\/uploads\/2023\/02\/IMG_3339-1-768x1024.jpeg 768w, https:\/\/www.imepbcn.com\/wp-content\/uploads\/2023\/02\/IMG_3339-1-1152x1536.jpeg 1152w\" sizes=\"(max-width: 1536px) 100vw, 1536px\" \/><div class=\"wp-block-cover__inner-container is-layout-flow wp-block-cover-is-layout-flow\"><h3 class=\" has-text-align-right has-white-color has-text-color has-medium-font-size eplus-wrapper wp-block-heading eplus-styles-uid-28e496\">PER A M\u00c9S INFORMACI\u00d3<\/h3>\n\n\n<div style=\"height:20px\" aria-hidden=\"true\" class=\" wp-block-spacer eplus-wrapper\"><\/div>\n\n\n\n<div class=\" wp-block-buttons eplus-wrapper is-content-justification-right is-layout-flex wp-container-core-buttons-is-layout-3 wp-block-buttons-is-layout-flex\"><div class=\"btn_01 wp-block-button has-custom-width wp-block-button__width-25 has-custom-font-size eplus-wrapper eplus-styles-uid-c40fb0\" style=\"font-size:12px\"><a class=\"wp-block-button__link has-white-color has-text-color wp-element-button\" href=\"http:\/\/imepbcn.com.mialias.net\/ca\/contacte\/\" style=\"border-radius:0px\">CONTACTA AMB NOSALTRES<\/a><\/div><\/div>\n<\/div><\/div><\/div>\n<\/div>","protected":false},"excerpt":{"rendered":"<p>CENTRE RESIDENCIAL PER A PERSONES AMB DISCAPACITAT INTEL\u00b7LECTUAL UNA LLAR ACOLLIDORA ATENCI\u00d3 PR\u00d2XIMA I PROFESSIONAL EXPERI\u00c8NCIA I VOCACI\u00d3 DE SERVEI M\u00c9S DE 100 ANYS D&#8217;ATENCI\u00d3 I DEDICACI\u00d3 A LES PERSONES AMB DISCAPACITAT INTEL\u00b7LECTUAL L&#8217;INSTITUT M\u00c8DIC PEDAG\u00d2GIC \u00e9s un equipament residencial, temporal o permanent, adre\u00e7at a persones adultes amb diagn\u00f2stic de Discapacitat Intel\u00b7lectual lleu, moderat o &hellip;<\/p>\n","protected":false},"author":1,"featured_media":0,"parent":0,"menu_order":0,"comment_status":"closed","ping_status":"closed","template":"template-home-1.php","meta":{"editor_plus_copied_stylings":"{}","footnotes":""},"class_list":["post-1161","page","type-page","status-publish","hentry"],"acf":[],"yoast_head":"<!-- This site is optimized with the Yoast SEO plugin v20.7 - https:\/\/yoast.com\/wordpress\/plugins\/seo\/ -->\n<title>Centre residencial per a persones amb discapacitat - Imep<\/title>\n<meta name=\"description\" content=\"L\u2019INSTITUT M\u00c8DIC PEDAG\u00d2GIC \u00e9s un centre residencial, temporal o permanent, adre\u00e7at per a persones adultes amb Discapacitat Intel\u00b7lectual.\" \/>\n<meta name=\"robots\" content=\"index, follow, max-snippet:-1, max-image-preview:large, max-video-preview:-1\" \/>\n<link rel=\"canonical\" href=\"https:\/\/www.imepbcn.com\/ca\/\" \/>\n<meta property=\"og:locale\" content=\"ca_ES\" \/>\n<meta property=\"og:type\" content=\"article\" \/>\n<meta property=\"og:title\" content=\"Centre residencial per a persones amb discapacitat - Imep\" \/>\n<meta property=\"og:description\" content=\"L\u2019INSTITUT M\u00c8DIC PEDAG\u00d2GIC \u00e9s un centre residencial, temporal o permanent, adre\u00e7at per a persones adultes amb Discapacitat Intel\u00b7lectual.\" \/>\n<meta property=\"og:url\" content=\"https:\/\/www.imepbcn.com\/ca\/\" \/>\n<meta property=\"og:site_name\" content=\"Imep\" \/>\n<meta property=\"article:publisher\" content=\"https:\/\/www.facebook.com\/IMEP.InstitutoMedicoPedagogico\/\" \/>\n<meta property=\"article:modified_time\" content=\"2023-03-29T13:48:47+00:00\" \/>\n<meta property=\"og:image\" content=\"https:\/\/www.imepbcn.com\/wp-content\/uploads\/2023\/01\/Logo-1024x327.png\" \/>\n<meta name=\"twitter:card\" content=\"summary_large_image\" \/>\n<meta name=\"twitter:label1\" content=\"Temps estimat de lectura\" \/>\n\t<meta name=\"twitter:data1\" content=\"2 minuts\" \/>\n<script type=\"application\/ld+json\" class=\"yoast-schema-graph\">{\"@context\":\"https:\/\/schema.org\",\"@graph\":[{\"@type\":\"WebPage\",\"@id\":\"https:\/\/www.imepbcn.com\/ca\/\",\"url\":\"https:\/\/www.imepbcn.com\/ca\/\",\"name\":\"Centre residencial per a persones amb discapacitat - Imep\",\"isPartOf\":{\"@id\":\"https:\/\/www.imepbcn.com\/ca\/#website\"},\"datePublished\":\"2023-02-01T14:38:26+00:00\",\"dateModified\":\"2023-03-29T13:48:47+00:00\",\"description\":\"L\u2019INSTITUT M\u00c8DIC PEDAG\u00d2GIC \u00e9s un centre residencial, temporal o permanent, adre\u00e7at per a persones adultes amb Discapacitat Intel\u00b7lectual.\",\"breadcrumb\":{\"@id\":\"https:\/\/www.imepbcn.com\/ca\/#breadcrumb\"},\"inLanguage\":\"ca\",\"potentialAction\":[{\"@type\":\"ReadAction\",\"target\":[\"https:\/\/www.imepbcn.com\/ca\/\"]}]},{\"@type\":\"BreadcrumbList\",\"@id\":\"https:\/\/www.imepbcn.com\/ca\/#breadcrumb\",\"itemListElement\":[{\"@type\":\"ListItem\",\"position\":1,\"name\":\"Portada\",\"item\":\"https:\/\/www.imepbcn.com\/ca\/\"},{\"@type\":\"ListItem\",\"position\":2,\"name\":\"Home\"}]},{\"@type\":\"WebSite\",\"@id\":\"https:\/\/www.imepbcn.com\/ca\/#website\",\"url\":\"https:\/\/www.imepbcn.com\/ca\/\",\"name\":\"Imep\",\"description\":\"\",\"publisher\":{\"@id\":\"https:\/\/www.imepbcn.com\/ca\/#organization\"},\"potentialAction\":[{\"@type\":\"SearchAction\",\"target\":{\"@type\":\"EntryPoint\",\"urlTemplate\":\"https:\/\/www.imepbcn.com\/ca\/?s={search_term_string}\"},\"query-input\":\"required name=search_term_string\"}],\"inLanguage\":\"ca\"},{\"@type\":\"Organization\",\"@id\":\"https:\/\/www.imepbcn.com\/ca\/#organization\",\"name\":\"Instituto M\u00e9dico Pedag\u00f3gico\",\"url\":\"https:\/\/www.imepbcn.com\/ca\/\",\"logo\":{\"@type\":\"ImageObject\",\"inLanguage\":\"ca\",\"@id\":\"https:\/\/www.imepbcn.com\/ca\/#\/schema\/logo\/image\/\",\"url\":\"https:\/\/www.imepbcn.com\/wp-content\/uploads\/2023\/01\/Logo.png\",\"contentUrl\":\"https:\/\/www.imepbcn.com\/wp-content\/uploads\/2023\/01\/Logo.png\",\"width\":1314,\"height\":420,\"caption\":\"Instituto M\u00e9dico Pedag\u00f3gico\"},\"image\":{\"@id\":\"https:\/\/www.imepbcn.com\/ca\/#\/schema\/logo\/image\/\"},\"sameAs\":[\"https:\/\/www.facebook.com\/IMEP.InstitutoMedicoPedagogico\/\",\"https:\/\/www.instagram.com\/instituto_medico_pedagogico\/\"]}]}<\/script>\n<!-- \/ Yoast SEO plugin. -->","yoast_head_json":{"title":"Centre residencial per a persones amb discapacitat - Imep","description":"L\u2019INSTITUT M\u00c8DIC PEDAG\u00d2GIC \u00e9s un centre residencial, temporal o permanent, adre\u00e7at per a persones adultes amb Discapacitat Intel\u00b7lectual.","robots":{"index":"index","follow":"follow","max-snippet":"max-snippet:-1","max-image-preview":"max-image-preview:large","max-video-preview":"max-video-preview:-1"},"canonical":"https:\/\/www.imepbcn.com\/ca\/","og_locale":"ca_ES","og_type":"article","og_title":"Centre residencial per a persones amb discapacitat - Imep","og_description":"L\u2019INSTITUT M\u00c8DIC PEDAG\u00d2GIC \u00e9s un centre residencial, temporal o permanent, adre\u00e7at per a persones adultes amb Discapacitat Intel\u00b7lectual.","og_url":"https:\/\/www.imepbcn.com\/ca\/","og_site_name":"Imep","article_publisher":"https:\/\/www.facebook.com\/IMEP.InstitutoMedicoPedagogico\/","article_modified_time":"2023-03-29T13:48:47+00:00","og_image":[{"url":"https:\/\/www.imepbcn.com\/wp-content\/uploads\/2023\/01\/Logo-1024x327.png"}],"twitter_card":"summary_large_image","twitter_misc":{"Temps estimat de lectura":"2 minuts"},"schema":{"@context":"https:\/\/schema.org","@graph":[{"@type":"WebPage","@id":"https:\/\/www.imepbcn.com\/ca\/","url":"https:\/\/www.imepbcn.com\/ca\/","name":"Centre residencial per a persones amb discapacitat - Imep","isPartOf":{"@id":"https:\/\/www.imepbcn.com\/ca\/#website"},"datePublished":"2023-02-01T14:38:26+00:00","dateModified":"2023-03-29T13:48:47+00:00","description":"L\u2019INSTITUT M\u00c8DIC PEDAG\u00d2GIC \u00e9s un centre residencial, temporal o permanent, adre\u00e7at per a persones adultes amb Discapacitat Intel\u00b7lectual.","breadcrumb":{"@id":"https:\/\/www.imepbcn.com\/ca\/#breadcrumb"},"inLanguage":"ca","potentialAction":[{"@type":"ReadAction","target":["https:\/\/www.imepbcn.com\/ca\/"]}]},{"@type":"BreadcrumbList","@id":"https:\/\/www.imepbcn.com\/ca\/#breadcrumb","itemListElement":[{"@type":"ListItem","position":1,"name":"Portada","item":"https:\/\/www.imepbcn.com\/ca\/"},{"@type":"ListItem","position":2,"name":"Home"}]},{"@type":"WebSite","@id":"https:\/\/www.imepbcn.com\/ca\/#website","url":"https:\/\/www.imepbcn.com\/ca\/","name":"Imep","description":"","publisher":{"@id":"https:\/\/www.imepbcn.com\/ca\/#organization"},"potentialAction":[{"@type":"SearchAction","target":{"@type":"EntryPoint","urlTemplate":"https:\/\/www.imepbcn.com\/ca\/?s={search_term_string}"},"query-input":"required name=search_term_string"}],"inLanguage":"ca"},{"@type":"Organization","@id":"https:\/\/www.imepbcn.com\/ca\/#organization","name":"Instituto M\u00e9dico Pedag\u00f3gico","url":"https:\/\/www.imepbcn.com\/ca\/","logo":{"@type":"ImageObject","inLanguage":"ca","@id":"https:\/\/www.imepbcn.com\/ca\/#\/schema\/logo\/image\/","url":"https:\/\/www.imepbcn.com\/wp-content\/uploads\/2023\/01\/Logo.png","contentUrl":"https:\/\/www.imepbcn.com\/wp-content\/uploads\/2023\/01\/Logo.png","width":1314,"height":420,"caption":"Instituto M\u00e9dico Pedag\u00f3gico"},"image":{"@id":"https:\/\/www.imepbcn.com\/ca\/#\/schema\/logo\/image\/"},"sameAs":["https:\/\/www.facebook.com\/IMEP.InstitutoMedicoPedagogico\/","https:\/\/www.instagram.com\/instituto_medico_pedagogico\/"]}]}},"_links":{"self":[{"href":"https:\/\/www.imepbcn.com\/ca\/wp-json\/wp\/v2\/pages\/1161"}],"collection":[{"href":"https:\/\/www.imepbcn.com\/ca\/wp-json\/wp\/v2\/pages"}],"about":[{"href":"https:\/\/www.imepbcn.com\/ca\/wp-json\/wp\/v2\/types\/page"}],"author":[{"embeddable":true,"href":"https:\/\/www.imepbcn.com\/ca\/wp-json\/wp\/v2\/users\/1"}],"replies":[{"embeddable":true,"href":"https:\/\/www.imepbcn.com\/ca\/wp-json\/wp\/v2\/comments?post=1161"}],"version-history":[{"count":33,"href":"https:\/\/www.imepbcn.com\/ca\/wp-json\/wp\/v2\/pages\/1161\/revisions"}],"predecessor-version":[{"id":2873,"href":"https:\/\/www.imepbcn.com\/ca\/wp-json\/wp\/v2\/pages\/1161\/revisions\/2873"}],"wp:attachment":[{"href":"https:\/\/www.imepbcn.com\/ca\/wp-json\/wp\/v2\/media?parent=1161"}],"curies":[{"name":"wp","href":"https:\/\/api.w.org\/{rel}","templated":true}]}}