{"id":1156,"date":"2023-01-26T21:03:07","date_gmt":"2023-01-26T21:03:07","guid":{"rendered":"http:\/\/imepbcn.com.mialias.net\/?page_id=1156"},"modified":"2023-03-29T11:15:23","modified_gmt":"2023-03-29T11:15:23","slug":"el-nostre-dia-a-dia","status":"publish","type":"page","link":"https:\/\/www.imepbcn.com\/ca\/el-nostre-dia-a-dia\/","title":{"rendered":"EL NOSTRE DIA A DIA"},"content":{"rendered":"\n<h2 class=\"titulo_01 has-text-align-center has-black-color has-text-color eplus-wrapper wp-block-heading\" style=\"font-size:30px\">EL NOSTRE DIA A DIA<\/h2>\n\n\n\n<div style=\"height:30px\" aria-hidden=\"true\" class=\" wp-block-spacer eplus-wrapper\"><\/div>\n\n\n<div class=\" wp-block-columns alignwide eplus-wrapper is-layout-flex wp-container-core-columns-is-layout-1 wp-block-columns-is-layout-flex eplus-styles-uid-39fd77\"><div class=\"p_block edplus_anim-ucQLBz wp-block-column has-white-background-color has-text-color has-background has-link-color eplus-wrapper wp-elements-64c763ed6e6c4abb505de4bcbd323850 is-layout-flow wp-block-column-is-layout-flow eplus-styles-uid-6e8e5e\" style=\"color:#000000;padding-top:2em;padding-right:2em;padding-bottom:2em;padding-left:2em;font-size:17px\">\n<p class=\" eplus-wrapper\"><strong>QU\u00c8 FEM<\/strong><\/p>\n\n\n<p class=\" eplus-wrapper eplus-styles-uid-98fc75\">Vivim en una casa, on realitzem totes les activitats del dia a dia: ens despertem, dutxem, endrecem, ordenem el pis, fem el llit, cuidem del que ens envolta i baixem a esmorzar.<\/p>\n\n<p class=\" eplus-wrapper eplus-styles-uid-f3364f\">Despr\u00e9s ens distribu\u00efm en diferents espais: les aules, el jard\u00ed, l&#8217;hort\u2026 i triem entre les diferents activitats; cognitives, jardineria, hort, fitnes, sortides, taller de cuina\u2026<\/p>\n\n<p class=\" eplus-wrapper eplus-styles-uid-f3364f\">A les aules es desenvolupen les activitats ocupacionals, d&#8217;art, l\u00fadiques i hi ha un gran pati on practicar activitats a l&#8217;aire lliure.<\/p>\n\n<p class=\" eplus-wrapper eplus-styles-uid-f3364f\">A la tarda les activitats s\u00f3n m\u00e9s l\u00fadiques; manualitats, art, cinef\u00f2rum, karaoke, jocs de taula\u2026<\/p>\n\n<p class=\" eplus-wrapper eplus-styles-uid-f3364f\">Tamb\u00e9 fem sortides, excursions i projectes espec\u00edfics, aix\u00ed com la possibilitat d&#8217;apuntar-nos a activitats opcionals que ens agradin.<\/p><\/div>\n\n\n<div class=\"p_block wp-block-column has-white-background-color has-text-color has-background has-link-color eplus-wrapper wp-elements-ffbcc6f3620e6df3fda2ce099e784c4b is-layout-flow wp-block-column-is-layout-flow\" style=\"color:#000000;padding-top:2em;padding-right:2em;padding-bottom:2em;padding-left:2em;font-size:17px\">\n<p class=\" eplus-wrapper\"><strong>HORARI SETMANAL ; ACTIVITATS<\/strong><\/p>\n\n\n<ul class=\" eplus-wrapper wp-block-list eplus-styles-uid-de18ae\"><li class=\" eplus-wrapper\">Orientaci\u00f3 espai-temporal i seq\u00fc\u00e8ncia del dia.<\/li>\n\n\n\n<li class=\" eplus-wrapper\">Estimulaci\u00f3 cognitiva: llenguatge, mem\u00f2ria, c\u00e0lcul, pr\u00e0xies\u2026.<\/li>\n\n\n\n<li class=\" eplus-wrapper\">Psicomotricitat, IMEP en forma<\/li>\n\n\n\n<li class=\" eplus-wrapper\">Estimulaci\u00f3 sensorial<\/li>\n\n\n\n<li class=\" eplus-wrapper\">Multisport, esports tradicionals<\/li>\n\n\n\n<li class=\" eplus-wrapper\">Artter\u00e0pia<\/li>\n\n\n\n<li class=\" eplus-wrapper\">Musicoter\u00e0pia<\/li>\n\n\n\n<li class=\" eplus-wrapper\">T\u00e8cniques de relaxaci\u00f3<\/li>\n\n\n\n<li class=\" eplus-wrapper\">Conta-contes- hist\u00f2ries de vida<\/li>\n\n\n\n<li class=\" eplus-wrapper\">Tasques ocupacionals<\/li>\n<\/ul><p class=\" eplus-wrapper\"><\/p>\n\n\n<p class=\" eplus-wrapper eplus-styles-uid-f3364f\">Comptem tamb\u00e9 amb PROJECTES TEMPORALS; Cap d&#8217;any, Reis, Carnestoltes, Sant Jordi, de Setmana Santa, Revetlla de Sant Joan, activitats d&#8217;estiu, Castanyada i\/o Halloween, Nadal\u2026<\/p><\/div>\n<\/div>\n\n<div class=\" ep-custom-column wp-block-columns alignwide eplus-wrapper is-layout-flex wp-container-core-columns-is-layout-2 wp-block-columns-is-layout-flex eplus-styles-uid-10a8ab\"><div class=\" edplus_anim-ucQLBz wp-block-column has-white-background-color has-text-color has-background has-link-color eplus-wrapper wp-elements-37285c0c6763020d0fffde7b0282b752 is-layout-flow wp-block-column-is-layout-flow eplus-styles-uid-0ff66c\" style=\"color:#000000;padding-top:2em;padding-right:2em;padding-bottom:2em;padding-left:2em;flex-basis:100%\">\n<p class=\"titulo_01 has-text-align-center has-text-color eplus-wrapper\" style=\"color:#84a857;font-size:19px\">\u201cACTIVITATS <strong>DE LA VIDA ORDINARIA, TALLERS OCUPACIONALS I L\u00daDICS,  FOMENT DEL  OCI<\/strong>, SORTIDES I EXCURSIONS\u201c<\/p>\n<\/div><\/div>","protected":false},"excerpt":{"rendered":"<p>EL NOSTRE DIA A DIA QU\u00c8 FEM Vivim en una casa, on realitzem totes les activitats del dia a dia: ens despertem, dutxem, endrecem, ordenem el pis, fem el llit, cuidem del que ens envolta i baixem a esmorzar. Despr\u00e9s ens distribu\u00efm en diferents espais: les aules, el jard\u00ed, l&#8217;hort\u2026 i triem entre les diferents &hellip;<\/p>\n","protected":false},"author":1,"featured_media":0,"parent":0,"menu_order":0,"comment_status":"closed","ping_status":"closed","template":"template-home-0.php","meta":{"editor_plus_copied_stylings":"{}","footnotes":""},"class_list":["post-1156","page","type-page","status-publish","hentry"],"acf":[],"yoast_head":"<!-- This site is optimized with the Yoast SEO plugin v20.7 - https:\/\/yoast.com\/wordpress\/plugins\/seo\/ -->\n<title>EL NOSTRE DIA A DIA - Imep<\/title>\n<meta name=\"robots\" content=\"index, follow, max-snippet:-1, max-image-preview:large, max-video-preview:-1\" \/>\n<link rel=\"canonical\" href=\"https:\/\/www.imepbcn.com\/ca\/el-nostre-dia-a-dia\/\" \/>\n<meta property=\"og:locale\" content=\"ca_ES\" \/>\n<meta property=\"og:type\" content=\"article\" \/>\n<meta property=\"og:title\" content=\"EL NOSTRE DIA A DIA - Imep\" \/>\n<meta property=\"og:description\" content=\"EL NOSTRE DIA A DIA QU\u00c8 FEM Vivim en una casa, on realitzem totes les activitats del dia a dia: ens despertem, dutxem, endrecem, ordenem el pis, fem el llit, cuidem del que ens envolta i baixem a esmorzar. Despr\u00e9s ens distribu\u00efm en diferents espais: les aules, el jard\u00ed, l&#8217;hort\u2026 i triem entre les diferents &hellip;\" \/>\n<meta property=\"og:url\" content=\"https:\/\/www.imepbcn.com\/ca\/el-nostre-dia-a-dia\/\" \/>\n<meta property=\"og:site_name\" content=\"Imep\" \/>\n<meta property=\"article:publisher\" content=\"https:\/\/www.facebook.com\/IMEP.InstitutoMedicoPedagogico\/\" \/>\n<meta property=\"article:modified_time\" content=\"2023-03-29T11:15:23+00:00\" \/>\n<meta name=\"twitter:card\" content=\"summary_large_image\" \/>\n<meta name=\"twitter:label1\" content=\"Temps estimat de lectura\" \/>\n\t<meta name=\"twitter:data1\" content=\"1 minut\" \/>\n<script type=\"application\/ld+json\" class=\"yoast-schema-graph\">{\"@context\":\"https:\/\/schema.org\",\"@graph\":[{\"@type\":\"WebPage\",\"@id\":\"https:\/\/www.imepbcn.com\/ca\/el-nostre-dia-a-dia\/\",\"url\":\"https:\/\/www.imepbcn.com\/ca\/el-nostre-dia-a-dia\/\",\"name\":\"EL NOSTRE DIA A DIA - Imep\",\"isPartOf\":{\"@id\":\"https:\/\/www.imepbcn.com\/ca\/#website\"},\"datePublished\":\"2023-01-26T21:03:07+00:00\",\"dateModified\":\"2023-03-29T11:15:23+00:00\",\"breadcrumb\":{\"@id\":\"https:\/\/www.imepbcn.com\/ca\/el-nostre-dia-a-dia\/#breadcrumb\"},\"inLanguage\":\"ca\",\"potentialAction\":[{\"@type\":\"ReadAction\",\"target\":[\"https:\/\/www.imepbcn.com\/ca\/el-nostre-dia-a-dia\/\"]}]},{\"@type\":\"BreadcrumbList\",\"@id\":\"https:\/\/www.imepbcn.com\/ca\/el-nostre-dia-a-dia\/#breadcrumb\",\"itemListElement\":[{\"@type\":\"ListItem\",\"position\":1,\"name\":\"Portada\",\"item\":\"https:\/\/www.imepbcn.com\/ca\/\"},{\"@type\":\"ListItem\",\"position\":2,\"name\":\"EL NOSTRE DIA A DIA\"}]},{\"@type\":\"WebSite\",\"@id\":\"https:\/\/www.imepbcn.com\/ca\/#website\",\"url\":\"https:\/\/www.imepbcn.com\/ca\/\",\"name\":\"Imep\",\"description\":\"\",\"publisher\":{\"@id\":\"https:\/\/www.imepbcn.com\/ca\/#organization\"},\"potentialAction\":[{\"@type\":\"SearchAction\",\"target\":{\"@type\":\"EntryPoint\",\"urlTemplate\":\"https:\/\/www.imepbcn.com\/ca\/?s={search_term_string}\"},\"query-input\":\"required name=search_term_string\"}],\"inLanguage\":\"ca\"},{\"@type\":\"Organization\",\"@id\":\"https:\/\/www.imepbcn.com\/ca\/#organization\",\"name\":\"Instituto M\u00e9dico Pedag\u00f3gico\",\"url\":\"https:\/\/www.imepbcn.com\/ca\/\",\"logo\":{\"@type\":\"ImageObject\",\"inLanguage\":\"ca\",\"@id\":\"https:\/\/www.imepbcn.com\/ca\/#\/schema\/logo\/image\/\",\"url\":\"https:\/\/www.imepbcn.com\/wp-content\/uploads\/2023\/01\/Logo.png\",\"contentUrl\":\"https:\/\/www.imepbcn.com\/wp-content\/uploads\/2023\/01\/Logo.png\",\"width\":1314,\"height\":420,\"caption\":\"Instituto M\u00e9dico Pedag\u00f3gico\"},\"image\":{\"@id\":\"https:\/\/www.imepbcn.com\/ca\/#\/schema\/logo\/image\/\"},\"sameAs\":[\"https:\/\/www.facebook.com\/IMEP.InstitutoMedicoPedagogico\/\",\"https:\/\/www.instagram.com\/instituto_medico_pedagogico\/\"]}]}<\/script>\n<!-- \/ Yoast SEO plugin. -->","yoast_head_json":{"title":"EL NOSTRE DIA A DIA - Imep","robots":{"index":"index","follow":"follow","max-snippet":"max-snippet:-1","max-image-preview":"max-image-preview:large","max-video-preview":"max-video-preview:-1"},"canonical":"https:\/\/www.imepbcn.com\/ca\/el-nostre-dia-a-dia\/","og_locale":"ca_ES","og_type":"article","og_title":"EL NOSTRE DIA A DIA - Imep","og_description":"EL NOSTRE DIA A DIA QU\u00c8 FEM Vivim en una casa, on realitzem totes les activitats del dia a dia: ens despertem, dutxem, endrecem, ordenem el pis, fem el llit, cuidem del que ens envolta i baixem a esmorzar. Despr\u00e9s ens distribu\u00efm en diferents espais: les aules, el jard\u00ed, l&#8217;hort\u2026 i triem entre les diferents &hellip;","og_url":"https:\/\/www.imepbcn.com\/ca\/el-nostre-dia-a-dia\/","og_site_name":"Imep","article_publisher":"https:\/\/www.facebook.com\/IMEP.InstitutoMedicoPedagogico\/","article_modified_time":"2023-03-29T11:15:23+00:00","twitter_card":"summary_large_image","twitter_misc":{"Temps estimat de lectura":"1 minut"},"schema":{"@context":"https:\/\/schema.org","@graph":[{"@type":"WebPage","@id":"https:\/\/www.imepbcn.com\/ca\/el-nostre-dia-a-dia\/","url":"https:\/\/www.imepbcn.com\/ca\/el-nostre-dia-a-dia\/","name":"EL NOSTRE DIA A DIA - Imep","isPartOf":{"@id":"https:\/\/www.imepbcn.com\/ca\/#website"},"datePublished":"2023-01-26T21:03:07+00:00","dateModified":"2023-03-29T11:15:23+00:00","breadcrumb":{"@id":"https:\/\/www.imepbcn.com\/ca\/el-nostre-dia-a-dia\/#breadcrumb"},"inLanguage":"ca","potentialAction":[{"@type":"ReadAction","target":["https:\/\/www.imepbcn.com\/ca\/el-nostre-dia-a-dia\/"]}]},{"@type":"BreadcrumbList","@id":"https:\/\/www.imepbcn.com\/ca\/el-nostre-dia-a-dia\/#breadcrumb","itemListElement":[{"@type":"ListItem","position":1,"name":"Portada","item":"https:\/\/www.imepbcn.com\/ca\/"},{"@type":"ListItem","position":2,"name":"EL NOSTRE DIA A DIA"}]},{"@type":"WebSite","@id":"https:\/\/www.imepbcn.com\/ca\/#website","url":"https:\/\/www.imepbcn.com\/ca\/","name":"Imep","description":"","publisher":{"@id":"https:\/\/www.imepbcn.com\/ca\/#organization"},"potentialAction":[{"@type":"SearchAction","target":{"@type":"EntryPoint","urlTemplate":"https:\/\/www.imepbcn.com\/ca\/?s={search_term_string}"},"query-input":"required name=search_term_string"}],"inLanguage":"ca"},{"@type":"Organization","@id":"https:\/\/www.imepbcn.com\/ca\/#organization","name":"Instituto M\u00e9dico Pedag\u00f3gico","url":"https:\/\/www.imepbcn.com\/ca\/","logo":{"@type":"ImageObject","inLanguage":"ca","@id":"https:\/\/www.imepbcn.com\/ca\/#\/schema\/logo\/image\/","url":"https:\/\/www.imepbcn.com\/wp-content\/uploads\/2023\/01\/Logo.png","contentUrl":"https:\/\/www.imepbcn.com\/wp-content\/uploads\/2023\/01\/Logo.png","width":1314,"height":420,"caption":"Instituto M\u00e9dico Pedag\u00f3gico"},"image":{"@id":"https:\/\/www.imepbcn.com\/ca\/#\/schema\/logo\/image\/"},"sameAs":["https:\/\/www.facebook.com\/IMEP.InstitutoMedicoPedagogico\/","https:\/\/www.instagram.com\/instituto_medico_pedagogico\/"]}]}},"_links":{"self":[{"href":"https:\/\/www.imepbcn.com\/ca\/wp-json\/wp\/v2\/pages\/1156"}],"collection":[{"href":"https:\/\/www.imepbcn.com\/ca\/wp-json\/wp\/v2\/pages"}],"about":[{"href":"https:\/\/www.imepbcn.com\/ca\/wp-json\/wp\/v2\/types\/page"}],"author":[{"embeddable":true,"href":"https:\/\/www.imepbcn.com\/ca\/wp-json\/wp\/v2\/users\/1"}],"replies":[{"embeddable":true,"href":"https:\/\/www.imepbcn.com\/ca\/wp-json\/wp\/v2\/comments?post=1156"}],"version-history":[{"count":19,"href":"https:\/\/www.imepbcn.com\/ca\/wp-json\/wp\/v2\/pages\/1156\/revisions"}],"predecessor-version":[{"id":2842,"href":"https:\/\/www.imepbcn.com\/ca\/wp-json\/wp\/v2\/pages\/1156\/revisions\/2842"}],"wp:attachment":[{"href":"https:\/\/www.imepbcn.com\/ca\/wp-json\/wp\/v2\/media?parent=1156"}],"curies":[{"name":"wp","href":"https:\/\/api.w.org\/{rel}","templated":true}]}}